{"id":768,"date":"2019-07-15T12:47:38","date_gmt":"2019-07-15T15:47:38","guid":{"rendered":"https:\/\/romulofelippe.com\/portal\/?page_id=768"},"modified":"2019-07-15T12:56:11","modified_gmt":"2019-07-15T15:56:11","slug":"sobre-o-autor","status":"publish","type":"page","link":"https:\/\/romulofelippe.com\/?page_id=768","title":{"rendered":"Sobre o Autor"},"content":{"rendered":"<p style=\"text-align: justify;\"><img fetchpriority=\"high\" decoding=\"async\" class=\"size-medium wp-image-725 alignleft\" src=\"https:\/\/romulofelippe.com\/portal\/wp-content\/uploads\/2019\/07\/bio-300x287.jpg\" alt=\"\" width=\"300\" height=\"287\" srcset=\"https:\/\/romulofelippe.com\/wp-content\/uploads\/2019\/07\/bio-300x287.jpg 300w, https:\/\/romulofelippe.com\/wp-content\/uploads\/2019\/07\/bio.jpg 630w\" sizes=\"(max-width: 300px) 100vw, 300px\" \/>Meu nome \u00e9 Romulo Felippe. Tenho 45 anos. Nascido em Cachoeiro de Itapemirim e radicado em Vit\u00f3ria h\u00e1 uma d\u00e9cada. Sou jornalista e escritor. Casado com Svetlana Bertolo Felippe; pai de tr\u00eas filhos (Gianluca, Giuseppe e Felippe) e agraciado com dois enteados (Henrique e Ana Paula). Iniciei no jornalismo impresso aos 13 anos, com meu primeiro emprego na reda\u00e7\u00e3o do semanal O Brado, em Cachoeiro. Antes disso j\u00e1 redigia minhas cr\u00f4nicas e versos.<\/p>\n<p style=\"text-align: justify;\">De l\u00e1 para j\u00e1 atuei, tanto como rep\u00f3rter quanto editor ou diretor de reda\u00e7\u00e3o, em mais de uma d\u00fazia de ve\u00edculos de comunica\u00e7\u00e3o \u2013 incluindo a TV Gazeta Sul (aos 17 anos de idade). Trabalhei em jornais como O Dia, na \u00e9poca com um milh\u00e3o de exemplares di\u00e1rios, e fiz coberturas jornal\u00edsticas em mais de 20 pa\u00edses. Acumulo, assim, mais de tr\u00eas d\u00e9cadas de dedica\u00e7\u00e3o \u00e0s reda\u00e7\u00f5es. Atualmente, sou Diretor de Reda\u00e7\u00e3o das revistas Viver! (Cachoeiro) e Caminh\u00f5es, uma das maiores do segmento na Am\u00e9rica Latina. Coordeno uma equipe de jornalistas que trabalha nessas revistas.<\/p>\n<p style=\"text-align: justify;\">Na literatura, lancei o meu primeiro livro \u2013 \u201cMonge Guerreiro\u201d \u2013 de forma independente no ano de 2017. O livro conquistou a cr\u00edtica especializada, levando a obra a ser eleita por vota\u00e7\u00e3o direta, no Reino dos Livros, com 60 mil seguidores). Esse pr\u00eamio al\u00e7ou a minha obra internacionalmente, fechando o meu primeiro contrato com a gigante editorial Newton Compton Editori, na It\u00e1lia. O livro foi lan\u00e7ado na Europa no \u00faltimo dia 30 de janeiro com o nome \u201cIl Guerriero Templare\u201d.<\/p>\n<p style=\"text-align: justify;\">No Brasil, a obra de fantasia medieval foi relan\u00e7ada em novembro passado pela editora paulista Cavaleiro Negro, juntamente com o infanto-juvenil \u201cReino dos Morcegos\u201d. Em abril pr\u00f3ximo, lan\u00e7o o romance \u201cO Farol e a Tempestade\u201d, pela paulista Novo Conceito, que figura entre as tr\u00eas maiores editoras do pa\u00eds. O mesmo selo tem previs\u00e3o para lan\u00e7ar em fins de 2019 o meu quarto livro \u2013 \u201cP\u00e1ssaros Negros na Neve\u201d.<\/p>\n<p>&nbsp;<\/p>\n\n<div class=\"wpcf7 no-js\" id=\"wpcf7-f773-o1\" lang=\"pt-BR\" dir=\"ltr\" data-wpcf7-id=\"773\">\n<div class=\"screen-reader-response\"><p role=\"status\" aria-live=\"polite\" aria-atomic=\"true\"><\/p> <ul><\/ul><\/div>\n<form action=\"\/index.php?rest_route=%2Fwp%2Fv2%2Fpages%2F768#wpcf7-f773-o1\" method=\"post\" class=\"wpcf7-form init\" aria-label=\"Formul\u00e1rios de contato\" novalidate=\"novalidate\" data-status=\"init\">\n<fieldset class=\"hidden-fields-container\"><input type=\"hidden\" name=\"_wpcf7\" value=\"773\" \/><input type=\"hidden\" name=\"_wpcf7_version\" value=\"6.1.1\" \/><input type=\"hidden\" name=\"_wpcf7_locale\" value=\"pt_BR\" \/><input type=\"hidden\" name=\"_wpcf7_unit_tag\" value=\"wpcf7-f773-o1\" \/><input type=\"hidden\" name=\"_wpcf7_container_post\" value=\"0\" \/><input type=\"hidden\" name=\"_wpcf7_posted_data_hash\" value=\"\" \/>\n<\/fieldset>\n<p><label> Seu nome (obrigat\u00f3rio)<br \/>\n<span class=\"wpcf7-form-control-wrap\" data-name=\"your-name\"><input size=\"40\" maxlength=\"400\" class=\"wpcf7-form-control wpcf7-text wpcf7-validates-as-required\" aria-required=\"true\" aria-invalid=\"false\" value=\"\" type=\"text\" name=\"your-name\" \/><\/span> <\/label>\n<\/p>\n<p><label> Seu e-mail (obrigat\u00f3rio)<br \/>\n<span class=\"wpcf7-form-control-wrap\" data-name=\"your-email\"><input size=\"40\" maxlength=\"400\" class=\"wpcf7-form-control wpcf7-email wpcf7-validates-as-required wpcf7-text wpcf7-validates-as-email\" aria-required=\"true\" aria-invalid=\"false\" value=\"\" type=\"email\" name=\"your-email\" \/><\/span> <\/label>\n<\/p>\n<p><label> Assunto<br \/>\n<span class=\"wpcf7-form-control-wrap\" data-name=\"your-subject\"><input size=\"40\" maxlength=\"400\" class=\"wpcf7-form-control wpcf7-text\" aria-invalid=\"false\" value=\"\" type=\"text\" name=\"your-subject\" \/><\/span> <\/label>\n<\/p>\n<p><label> Sua mensagem<br \/>\n<span class=\"wpcf7-form-control-wrap\" data-name=\"your-message\"><textarea cols=\"40\" rows=\"10\" maxlength=\"2000\" class=\"wpcf7-form-control wpcf7-textarea\" aria-invalid=\"false\" name=\"your-message\"><\/textarea><\/span> <\/label>\n<\/p>\n<p><input class=\"wpcf7-form-control wpcf7-submit has-spinner\" type=\"submit\" value=\"Enviar\" \/>\n<\/p><div class=\"wpcf7-response-output\" aria-hidden=\"true\"><\/div>\n<\/form>\n<\/div>\n\n","protected":false},"excerpt":{"rendered":"<p>Meu nome \u00e9 Romulo Felippe. Tenho 45 anos. Nascido em Cachoeiro de Itapemirim e radicado em Vit\u00f3ria h\u00e1 uma d\u00e9cada. Sou jornalista e escritor. Casado com Svetlana Bertolo Felippe; pai de tr\u00eas filhos (Gianluca, Giuseppe e Felippe) e agraciado com dois enteados (Henrique e Ana Paula). Iniciei no jornalismo impresso aos 13 anos, com meu [&hellip;]<\/p>\n","protected":false},"author":1,"featured_media":0,"parent":0,"menu_order":0,"comment_status":"closed","ping_status":"closed","template":"","meta":{"_uag_custom_page_level_css":"","footnotes":""},"class_list":["post-768","page","type-page","status-publish","hentry"],"uagb_featured_image_src":{"full":false,"thumbnail":false,"medium":false,"medium_large":false,"large":false,"1536x1536":false,"2048x2048":false,"post-thumbnail":false,"mvp-post-thumb":false,"mvp-port-thumb":false,"mvp-large-thumb":false,"mvp-mid-thumb":false,"mvp-small-thumb":false,"mailpoet_newsletter_max":false,"woocommerce_thumbnail":false,"woocommerce_single":false,"woocommerce_gallery_thumbnail":false},"uagb_author_info":{"display_name":"Assessoria de Imprensa","author_link":"https:\/\/romulofelippe.com\/?author=1"},"uagb_comment_info":0,"uagb_excerpt":"Meu nome \u00e9 Romulo Felippe. Tenho 45 anos. Nascido em Cachoeiro de Itapemirim e radicado em Vit\u00f3ria h\u00e1 uma d\u00e9cada. Sou jornalista e escritor. Casado com Svetlana Bertolo Felippe; pai de tr\u00eas filhos (Gianluca, Giuseppe e Felippe) e agraciado com dois enteados (Henrique e Ana Paula). Iniciei no jornalismo impresso aos 13 anos, com meu&hellip;","amp_enabled":true,"_links":{"self":[{"href":"https:\/\/romulofelippe.com\/index.php?rest_route=\/wp\/v2\/pages\/768","targetHints":{"allow":["GET"]}}],"collection":[{"href":"https:\/\/romulofelippe.com\/index.php?rest_route=\/wp\/v2\/pages"}],"about":[{"href":"https:\/\/romulofelippe.com\/index.php?rest_route=\/wp\/v2\/types\/page"}],"author":[{"embeddable":true,"href":"https:\/\/romulofelippe.com\/index.php?rest_route=\/wp\/v2\/users\/1"}],"replies":[{"embeddable":true,"href":"https:\/\/romulofelippe.com\/index.php?rest_route=%2Fwp%2Fv2%2Fcomments&post=768"}],"version-history":[{"count":5,"href":"https:\/\/romulofelippe.com\/index.php?rest_route=\/wp\/v2\/pages\/768\/revisions"}],"predecessor-version":[{"id":775,"href":"https:\/\/romulofelippe.com\/index.php?rest_route=\/wp\/v2\/pages\/768\/revisions\/775"}],"wp:attachment":[{"href":"https:\/\/romulofelippe.com\/index.php?rest_route=%2Fwp%2Fv2%2Fmedia&parent=768"}],"curies":[{"name":"wp","href":"https:\/\/api.w.org\/{rel}","templated":true}]}}